{"id":2750,"date":"2022-11-30T22:59:16","date_gmt":"2022-11-30T22:59:16","guid":{"rendered":"https:\/\/www.femmeharmone.com\/?page_id=2750"},"modified":"2022-12-01T01:55:16","modified_gmt":"2022-12-01T01:55:16","slug":"leternel-feminin-noiseg-es-fenntarthato-tarsadalmi-egyensuly-interdiszciplinariskonferencia-osszefoglaloja","status":"publish","type":"page","link":"https:\/\/www.femmeharmone.com\/eng\/a-noi-dimenzio\/ii-evfolyam-kulonszam\/konferencia\/leternel-feminin-noiseg-es-fenntarthato-tarsadalmi-egyensuly-interdiszciplinariskonferencia-osszefoglaloja\/","title":{"rendered":"<em>L\u2019\u00c9ternel F\u00e9minin \u2013 N\u0151is\u00e9g \u00e9s fenntarthat\u00f3 t\u00e1rsadalmi egyens\u00faly interdiszciplin\u00e1ris<br>konferencia<\/em> \u00f6sszefoglal\u00f3ja"},"content":{"rendered":"<p style=\"text-align: left;\"><em>MTA K\u00f6nyvt\u00e1r \u00e9s Inform\u00e1ci\u00f3s K\u00f6zpont<\/em><br \/><em>2019. november 28.<\/em><\/p>\n\n\n<div style=\"height:50px\" aria-hidden=\"true\" class=\"wp-block-spacer\"><\/div>\n\n\n\n<p><em>Motiv\u00e1ci\u00f3:<\/em><em><\/em><\/p>\n\n\n\n<p>Az a sajn\u00e1latos gyakorlat v\u00e1lt mindennapi tapasztalatt\u00e1, hogy a \u201et\u00e1rsadalmi nemek tudom\u00e1nya\u201d kil\u00e9pve a tudom\u00e1ny m\u0171vel\u00e9s\u00e9nek \u00edrott \u00e9s \u00edratlan szab\u00e1lyai k\u00f6z\u00fcl, tev\u00e9kenys\u00e9g\u00e9t \u00e9s eredm\u00e9nyeit politikai platformon igyekszik \u00e9rv\u00e9nyes\u00edteni. Figyelemre m\u00e9lt\u00f3 a Magyar Tudom\u00e1nyos Akad\u00e9mia foly\u00f3irat\u00e1nak 2016. okt\u00f3beri sz\u00e1m\u00e1ban \u201eA t\u00e1rsadalmi nem: elm\u00e9leti megk\u00f6zel\u00edt\u00e9sek, kutat\u00e1si eredm\u00e9nyek\u201d konferencia<a href=\"#_ftn1\" id=\"_ftnref1\"><sup>[1]<\/sup><\/a>-besz\u00e1mol\u00f3ja,<a href=\"#_ftn2\" id=\"_ftnref2\"><sup>[2]<\/sup><\/a> mely kifejezetten agressz\u00edv politikai m\u00f3dszerek alkalmaz\u00e1s\u00e1ra h\u00edv fel ideol\u00f3gi\u00e1kkal \u00e1tsz\u0151tt, tudom\u00e1nyosnak nevezett elvek kiz\u00e1r\u00f3lagoss\u00e1g\u00e1t biztos\u00edtand\u00f3. A magunk r\u00e9sz\u00e9r\u0151l semmif\u00e9le politikai eszk\u00f6zrendszer haszn\u00e1lat\u00e1t nem tartjuk elfogadhat\u00f3nak tudom\u00e1nyos k\u00e9rd\u00e9sek eset\u00e9n, ugyanakkor jelent\u0151s hi\u00e1nyk\u00e9nt \u00e9rz\u00e9kelj\u00fck, hogy a feminista ir\u00e1nyzatokt\u00f3l inspir\u00e1lt t\u00e1rsadalmi nemek tudom\u00e1nya mellett nemzetk\u00f6zi viszonylatban sem j\u00f6ttek l\u00e9tre olyan tudom\u00e1nyos kutat\u00f3m\u0171helyek, amelyek legal\u00e1bb \u00e9rdemi konkurens elm\u00e9leteket tudn\u00e1nak felmutatni a genderelm\u00e9letekkel szemben. Ez a t\u00e9ny jelenleg a tudom\u00e1nyos platformon t\u00e9nyleges kiz\u00e1r\u00f3lagoss\u00e1got biztos\u00edt egy sz\u0171k k\u00f6rnek, amelyik politikai korrekts\u00e9gre \u00e9s gy\u0171l\u00f6letbesz\u00e9dre hivatkozva eredm\u00e9nyesen revolverezi az eg\u00e9sz t\u00e1rsadalmat eszm\u00e9ivel. Mindaddig pedig, am\u00edg a vel\u00fck egyet nem \u00e9rt\u0151k nem jelen\u00edtik meg \u00fagy a k\u00f6zbesz\u00e9dben, mind a legmagasabb st\u00e1tusz\u00fa tudom\u00e1nyos int\u00e9zm\u00e9nyekben saj\u00e1t tudom\u00e1nyos elm\u00e9leteiket, nincs es\u00e9ly sem \u00e9rdemi vit\u00e1ra, sem egy val\u00f3s, fenntarthat\u00f3 t\u00e1rsadalmi modell megalkot\u00e1s\u00e1ra. Ez\u00e9rt kezdte el a Kort\u00e1rs N\u0151i Reflexi\u00f3k F\u00f3ruma 2017-ben els\u0151 tudom\u00e1nyos konferenci\u00e1j\u00e1val megalapozni azt a szisztematikus munk\u00e1t, aminek folytat\u00e1sai imm\u00e1r minden \u00e9vben rendszeresnek nevezhet\u0151k, s az idei, \u00e9vadz\u00e1r\u00f3 esem\u00e9nyr\u0151l az al\u00e1bbiakban adunk sz\u00e1mot.<\/p>\n\n\n\n<p class=\"has-text-align-right\"><em>Dr. Major Gy\u00f6ngyi<br>Kort\u00e1rs N\u0151i Reflexi\u00f3k F\u00f3ruma<br>eln\u00f6k<\/em><\/p>\n\n\n\n<p><\/p>\n\n\n\n<p><\/p>\n\n\n\n<hr class=\"wp-block-separator has-alpha-channel-opacity\"\/>\n\n\n\n<p><a href=\"#_ftnref1\" id=\"_ftn1\">[1]<\/a> MTA Sz\u00e9kh\u00e1z, Nagyterem 2016. m\u00e1jus 24. T\u00e1rsadalmi nem: elm\u00e9leti megk\u00f6zel\u00edt\u00e9sek, kutat\u00e1si eredm\u00e9nyek.<\/p>\n\n\n\n<p><a href=\"#_ftnref2\" id=\"_ftn2\">[2]<\/a> &nbsp;\u201ePet\u0151 kiemelte, hogy az antigender-mozgalom \u00e9s a t\u00e1rsadalmi nemek tudom\u00e1nya k\u00f6z\u00f6tti viszony nem csup\u00e1n vil\u00e1gn\u00e9zeti k\u00fcl\u00f6nbs\u00e9g&#8230; Az antigender-mozgalom vesz\u00e9lye, hogy relativiz\u00e1lni igyekszik a tudom\u00e1nyt. Pet\u0151 hat\u00e1rozott \u00e1ll\u00e1st foglalt az akad\u00e9miai szf\u00e9ra felel\u0151ss\u00e9ge mellett abban, hogy fell\u00e9pjen az \u00e1ltudom\u00e1nyoss\u00e1ggal szemben, \u00e9s ne adjon teret ezeknek a diskurzusoknak.<\/p>\n\n\n\n<p>Arra a k\u00e9rd\u00e9sre, hogy mit tehet a t\u00e1rsadalmi nemek tudom\u00e1nya, Pet\u0151 hat\u00e1rozott programot fogalmazott meg: nem lehet el\u00e9gs\u00e9ges v\u00e1lasz az ignor\u00e1l\u00e1s vagy a nevets\u00e9gess\u00e9 t\u00e9tel\u2026 Fel kell ismern\u00fcnk, hogy az antigender-besz\u00e9d gy\u0171l\u00f6letbesz\u00e9d, ami egyar\u00e1nt jelent probl\u00e9m\u00e1t a konzervat\u00edvoknak \u00e9s a liber\u00e1lis oldalnak is.\u201d<\/p>\n\n\n\n<p>(Lantos et al (2016): Besz\u00e1mol\u00f3 a T\u00e1rsadalmi nem: elm\u00e9leti megk\u00f6zel\u00edt\u00e9sek, kutat\u00e1si eredm\u00e9nyek konferencia el\u0151ad\u00e1sair\u00f3l. Magyar Tudom\u00e1ny, 2016\/10. 1249. o.)<\/p>\n\n\n\n<p>Az id\u00e9zett sz\u00f6veg ny\u00edltan \u00e1tpolitiz\u00e1l egy probl\u00e9mafelvet\u00e9st, \u00e9s \u00e1ltudom\u00e1nyoss\u00e1gra hivatkozva t\u00f6rekszik kirekeszt\u00e9sre, mik\u00f6zben \u00e9ppen saj\u00e1t tudom\u00e1nyoss\u00e1ga rendk\u00edv\u00fcl k\u00e9rd\u00e9ses.<\/p>\n\n\n\n<p>MTA K\u00f6nyvt\u00e1r \u00e9s Inform\u00e1ci\u00f3s K\u00f6zpont Konferenciaterem, 2019. november 28.<\/p>\n\n\n\n<figure class=\"wp-block-embed is-type-video is-provider-youtube wp-block-embed-youtube wp-embed-aspect-16-9 wp-has-aspect-ratio\"><div class=\"wp-block-embed__wrapper\">\n<iframe loading=\"lazy\" title=\"L\u2019\u00c9ternel F\u00e9minin \u2013 Az \u00d6r\u00f6k N\u0151i\" width=\"750\" height=\"422\" src=\"https:\/\/www.youtube.com\/embed\/8IyxRAqMiVo?feature=oembed\" frameborder=\"0\" allow=\"accelerometer; autoplay; clipboard-write; encrypted-media; gyroscope; picture-in-picture\" allowfullscreen><\/iframe>\n<\/div><\/figure>\n\n\n\n<div style=\"height:50px\" aria-hidden=\"true\" class=\"wp-block-spacer\"><\/div>\n\n\n\n<div data-wp-interactive=\"core\/file\" class=\"wp-block-file\"><object data-wp-bind--hidden=\"!state.hasPdfPreview\"  class=\"wp-block-file__embed\" data=\"https:\/\/www.femmeharmone.com\/wp-content\/uploads\/2022\/11\/Orok-Noi-Konf-Osszefoglalo_.pdf\" type=\"application\/pdf\" style=\"width:100%;height:1100px\" aria-label=\"Embed of \u00d6r\u00f6k N\u0151i Konf \u00d6sszefoglal\u00f3_.\"><\/object><a id=\"wp-block-file--media-7291929a-56cc-4db5-b6f7-6969c5c4ffd4\" href=\"https:\/\/www.femmeharmone.com\/wp-content\/uploads\/2022\/11\/Orok-Noi-Konf-Osszefoglalo_.pdf\">\u00d6r\u00f6k N\u0151i Konf \u00d6sszefoglal\u00f3_<\/a><a href=\"https:\/\/www.femmeharmone.com\/wp-content\/uploads\/2022\/11\/Orok-Noi-Konf-Osszefoglalo_.pdf\" class=\"wp-block-file__button wp-element-button\" download aria-describedby=\"wp-block-file--media-7291929a-56cc-4db5-b6f7-6969c5c4ffd4\">Let\u00f6lt\u00e9s<\/a><\/div>\n\n\n\n<div style=\"height:50px\" aria-hidden=\"true\" class=\"wp-block-spacer\"><\/div>\n\n\n\n<div data-wp-interactive=\"core\/file\" class=\"wp-block-file\"><object data-wp-bind--hidden=\"!state.hasPdfPreview\"  class=\"wp-block-file__embed\" data=\"https:\/\/www.femmeharmone.com\/wp-content\/uploads\/2021\/12\/Orok_noi_program.pdf\" type=\"application\/pdf\" style=\"width:100%;height:909px\" aria-label=\"Embed of \u00d6r\u00f6k_n\u0151i_program.\"><\/object><a id=\"wp-block-file--media-7fa4dbe5-9214-458e-b9d3-409e75564690\" href=\"https:\/\/www.femmeharmone.com\/wp-content\/uploads\/2021\/12\/Orok_noi_program.pdf\">\u00d6r\u00f6k_n\u0151i_program<\/a><a href=\"https:\/\/www.femmeharmone.com\/wp-content\/uploads\/2021\/12\/Orok_noi_program.pdf\" class=\"wp-block-file__button wp-element-button\" download aria-describedby=\"wp-block-file--media-7fa4dbe5-9214-458e-b9d3-409e75564690\">Let\u00f6lt\u00e9s<\/a><\/div>\n","protected":false},"excerpt":{"rendered":"<p>MTA K\u00f6nyvt\u00e1r \u00e9s Inform\u00e1ci\u00f3s K\u00f6zpont2019. november 28. Motiv\u00e1ci\u00f3: Az a sajn\u00e1latos gyakorlat v\u00e1lt mindennapi tapasztalatt\u00e1, hogy a \u201et\u00e1rsadalmi nemek tudom\u00e1nya\u201d kil\u00e9pve a tudom\u00e1ny m\u0171vel\u00e9s\u00e9nek \u00edrott \u00e9s \u00edratlan szab\u00e1lyai k\u00f6z\u00fcl, tev\u00e9kenys\u00e9g\u00e9t \u00e9s eredm\u00e9nyeit politikai platformon igyekszik \u00e9rv\u00e9nyes\u00edteni. Figyelemre m\u00e9lt\u00f3 a Magyar Tudom\u00e1nyos Akad\u00e9mia foly\u00f3irat\u00e1nak 2016. okt\u00f3beri sz\u00e1m\u00e1ban \u201eA t\u00e1rsadalmi nem: elm\u00e9leti megk\u00f6zel\u00edt\u00e9sek, kutat\u00e1si eredm\u00e9nyek\u201d konferencia[1]-besz\u00e1mol\u00f3ja,[2] mely&hellip;<\/p>\n","protected":false},"author":1,"featured_media":0,"parent":2735,"menu_order":1,"comment_status":"closed","ping_status":"closed","template":"page-article.php","meta":{"inline_featured_image":false,"footnotes":""},"categories":[],"tags":[],"_links":{"self":[{"href":"https:\/\/www.femmeharmone.com\/eng\/wp-json\/wp\/v2\/pages\/2750"}],"collection":[{"href":"https:\/\/www.femmeharmone.com\/eng\/wp-json\/wp\/v2\/pages"}],"about":[{"href":"https:\/\/www.femmeharmone.com\/eng\/wp-json\/wp\/v2\/types\/page"}],"author":[{"embeddable":true,"href":"https:\/\/www.femmeharmone.com\/eng\/wp-json\/wp\/v2\/users\/1"}],"replies":[{"embeddable":true,"href":"https:\/\/www.femmeharmone.com\/eng\/wp-json\/wp\/v2\/comments?post=2750"}],"version-history":[{"count":4,"href":"https:\/\/www.femmeharmone.com\/eng\/wp-json\/wp\/v2\/pages\/2750\/revisions"}],"predecessor-version":[{"id":2876,"href":"https:\/\/www.femmeharmone.com\/eng\/wp-json\/wp\/v2\/pages\/2750\/revisions\/2876"}],"up":[{"embeddable":true,"href":"https:\/\/www.femmeharmone.com\/eng\/wp-json\/wp\/v2\/pages\/2735"}],"wp:attachment":[{"href":"https:\/\/www.femmeharmone.com\/eng\/wp-json\/wp\/v2\/media?parent=2750"}],"wp:term":[{"taxonomy":"category","embeddable":true,"href":"https:\/\/www.femmeharmone.com\/eng\/wp-json\/wp\/v2\/categories?post=2750"},{"taxonomy":"post_tag","embeddable":true,"href":"https:\/\/www.femmeharmone.com\/eng\/wp-json\/wp\/v2\/tags?post=2750"}],"curies":[{"name":"wp","href":"https:\/\/api.w.org\/{rel}","templated":true}]}}