{"id":6011,"date":"2025-08-15T11:39:28","date_gmt":"2025-08-15T11:39:28","guid":{"rendered":"https:\/\/www.femmeharmone.com\/?page_id=6011"},"modified":"2025-08-15T14:08:43","modified_gmt":"2025-08-15T14:08:43","slug":"braun-laszlo-menyasszony-a-kijevi-ruszbol","status":"publish","type":"page","link":"https:\/\/www.femmeharmone.com\/eng\/a-noi-dimenzio\/iv-evfolyam-1-4-szam\/tudomany\/braun-laszlo-menyasszony-a-kijevi-ruszbol\/","title":{"rendered":"<em>Braun L\u00e1szl\u00f3:<\/em> Menyasszony a Kijevi Ruszb\u00f3l"},"content":{"rendered":"<p class=\"has-text-align-right\"><a href=\"https:\/\/doi.org\/10.55344\/andfh.2401028\"><em>DOI: 10.55344\/andfh.2401028<\/em><\/a><\/p>\n\n\n\n<p><em><strong>Absztrakt<\/strong><\/em><\/p>\n\n\n\n<p><strong>A Kijevi Rusz \u00e9s a Magyar Kir\u00e1lys\u00e1g kapcsolatai a t\u00e1voli m\u00faltra tekintenek vissza. A R\u00e9gm\u00falt id\u0151k kr\u00f3nik\u00e1ja (\u00fajabb ford\u00edt\u00e1sban a R\u00e9gm\u00falt id\u0151k elbesz\u00e9l\u00e9se), a Rusz legjelent\u0151sebb k\u00f6z\u00e9pkori forr\u00e1sa, sz\u00e1mos eml\u00edt\u00e9st \u0151riz a magyarokr\u00f3l. A kapcsolatok a magyar \u00e9s a keleti szl\u00e1v \u00e1llam k\u00f6z\u00f6tt az id\u0151 m\u00fal\u00e1s\u00e1val egyre szorosabbakk\u00e1 v\u00e1ltak, amelyek els\u0151sorban a dinasztikus h\u00e1zass\u00e1gokban t\u00fckr\u00f6z\u0151dtek vissza. A 11. sz\u00e1zadban ezek k\u00f6z\u00fcl a legjelent\u0151sebb I. Andr\u00e1s magyar kir\u00e1ly \u00e9s Anaszt\u00e1zia, B\u00f6lcs Jaroszlav le\u00e1ny\u00e1nak a h\u00e1zass\u00e1ga volt.<\/strong><\/p>\n\n\n\n<p><strong>Imre herceg hal\u00e1la ut\u00e1n bek\u00f6vetkezett esem\u00e9nyek miatt Vazul fiai, Andr\u00e1s, B\u00e9la \u00e9s Levente k\u00fclf\u00f6ldre k\u00e9nyszer\u00fcltek. B\u00e9la egy id\u0151re Lengyelorsz\u00e1gban tal\u00e1lt otthonra. Ott feles\u00e9g\u00fcl kapta az uralkod\u00f3, II. Mieszko le\u00e1ny\u00e1t, akit\u0151l fiai, G\u00e9za \u00e9s L\u00e1szl\u00f3 sz\u00fclettek.<\/strong><\/p>\n\n\n\n<p><strong>Andr\u00e1s \u00e9s Levente tov\u00e1bb folytatt\u00e1k \u00fatjukat, \u00e9s a Ruszban, B\u00f6lcs Jaroszlav udvar\u00e1ban tart\u00f3zkodtak egy ideig. Ismeretes, hogy Andr\u00e1s feles\u00e9g\u00fcl vette Anaszt\u00e1zi\u00e1t, a fejedelem le\u00e1ny\u00e1t, az viszont m\u00e1r k\u00e9rd\u00e9ses, mikor k\u00f6t\u00f6tt\u00e9k meg a h\u00e1zass\u00e1got. A h\u00e1zass\u00e1gk\u00f6t\u00e9s id\u0151pontja abb\u00f3l a szempontb\u00f3l meghat\u00e1roz\u00f3, milyen t\u00e1rsadalmi poz\u00edci\u00f3ban volt Andr\u00e1s a n\u00e1sz idej\u00e9n: sz\u00e1m\u0171z\u00f6tt herceg, a tr\u00f3n v\u00e1rom\u00e1nyosa vagy magyar kir\u00e1ly.<\/strong><\/p>\n\n\n\n<div style=\"height:100px\" aria-hidden=\"true\" class=\"wp-block-spacer\"><\/div>\n\n\n\n<div data-wp-interactive=\"core\/file\" class=\"wp-block-file\"><object data-wp-bind--hidden=\"!state.hasPdfPreview\"  class=\"wp-block-file__embed\" data=\"https:\/\/www.femmeharmone.com\/wp-content\/uploads\/2025\/08\/AND11_2024_Tavasz_Nyar_Osz_Tel_v1_Braun_Laszlo.pdf\" type=\"application\/pdf\" style=\"width:100%;height:1500px\" aria-label=\"Embed of AND11_2024_Tavasz_Nyar_Osz_Tel_v1_Braun_Laszlo.\"><\/object><a id=\"wp-block-file--media-d6bb6a11-03fc-435a-8520-bb78e1a87269\" href=\"https:\/\/www.femmeharmone.com\/wp-content\/uploads\/2025\/08\/AND11_2024_Tavasz_Nyar_Osz_Tel_v1_Braun_Laszlo.pdf\">AND11_2024_Tavasz_Nyar_Osz_Tel_v1_Braun_Laszlo<\/a><a href=\"https:\/\/www.femmeharmone.com\/wp-content\/uploads\/2025\/08\/AND11_2024_Tavasz_Nyar_Osz_Tel_v1_Braun_Laszlo.pdf\" class=\"wp-block-file__button wp-element-button\" download aria-describedby=\"wp-block-file--media-d6bb6a11-03fc-435a-8520-bb78e1a87269\">Let\u00f6lt\u00e9s<\/a><\/div>","protected":false},"excerpt":{"rendered":"<p>DOI: 10.55344\/andfh.2401028 Absztrakt A Kijevi Rusz \u00e9s a Magyar Kir\u00e1lys\u00e1g kapcsolatai a t\u00e1voli m\u00faltra tekintenek vissza. A R\u00e9gm\u00falt id\u0151k kr\u00f3nik\u00e1ja (\u00fajabb ford\u00edt\u00e1sban a R\u00e9gm\u00falt id\u0151k elbesz\u00e9l\u00e9se), a Rusz legjelent\u0151sebb k\u00f6z\u00e9pkori forr\u00e1sa, sz\u00e1mos eml\u00edt\u00e9st \u0151riz a magyarokr\u00f3l. A kapcsolatok a magyar \u00e9s a keleti szl\u00e1v \u00e1llam k\u00f6z\u00f6tt az id\u0151 m\u00fal\u00e1s\u00e1val egyre szorosabbakk\u00e1 v\u00e1ltak, amelyek els\u0151sorban a&hellip;<\/p>","protected":false},"author":1,"featured_media":0,"parent":5930,"menu_order":3,"comment_status":"closed","ping_status":"closed","template":"page-article.php","meta":{"inline_featured_image":false,"footnotes":""},"categories":[],"tags":[],"_links":{"self":[{"href":"https:\/\/www.femmeharmone.com\/eng\/wp-json\/wp\/v2\/pages\/6011"}],"collection":[{"href":"https:\/\/www.femmeharmone.com\/eng\/wp-json\/wp\/v2\/pages"}],"about":[{"href":"https:\/\/www.femmeharmone.com\/eng\/wp-json\/wp\/v2\/types\/page"}],"author":[{"embeddable":true,"href":"https:\/\/www.femmeharmone.com\/eng\/wp-json\/wp\/v2\/users\/1"}],"replies":[{"embeddable":true,"href":"https:\/\/www.femmeharmone.com\/eng\/wp-json\/wp\/v2\/comments?post=6011"}],"version-history":[{"count":4,"href":"https:\/\/www.femmeharmone.com\/eng\/wp-json\/wp\/v2\/pages\/6011\/revisions"}],"predecessor-version":[{"id":6172,"href":"https:\/\/www.femmeharmone.com\/eng\/wp-json\/wp\/v2\/pages\/6011\/revisions\/6172"}],"up":[{"embeddable":true,"href":"https:\/\/www.femmeharmone.com\/eng\/wp-json\/wp\/v2\/pages\/5930"}],"wp:attachment":[{"href":"https:\/\/www.femmeharmone.com\/eng\/wp-json\/wp\/v2\/media?parent=6011"}],"wp:term":[{"taxonomy":"category","embeddable":true,"href":"https:\/\/www.femmeharmone.com\/eng\/wp-json\/wp\/v2\/categories?post=6011"},{"taxonomy":"post_tag","embeddable":true,"href":"https:\/\/www.femmeharmone.com\/eng\/wp-json\/wp\/v2\/tags?post=6011"}],"curies":[{"name":"wp","href":"https:\/\/api.w.org\/{rel}","templated":true}]}}