{"id":6505,"date":"2026-04-30T15:50:56","date_gmt":"2026-04-30T15:50:56","guid":{"rendered":"https:\/\/www.femmeharmone.com\/?page_id=6505"},"modified":"2026-04-30T16:42:33","modified_gmt":"2026-04-30T16:42:33","slug":"major-gyongyi-eloszo","status":"publish","type":"page","link":"https:\/\/www.femmeharmone.com\/eng\/a-noi-dimenzio\/v-evfolyam-1-szam\/koszonto\/major-gyongyi-eloszo\/","title":{"rendered":"<em>Major Gy\u00f6ngyi:<\/em> El\u0151sz\u00f3"},"content":{"rendered":"<p>Az \u00e9vk\u00f6rnek ebben a meg\u00fajul\u00e1s miszt\u00e9rium\u00e1ba es\u0151 szakasz\u00e1ban igyeksz\u00fcnk r\u00e1kapcsol\u00f3dni a term\u00e9szet felt\u00f6r\u0151 energi\u00e1ira, \u00e9s keress\u00fck a meg\u00fajul\u00e1s felt\u00e1rul\u00f3 lehet\u0151s\u00e9geit. Egy\u00e9bk\u00e9nt is korszakhat\u00e1rt \u00e9rz\u00e9kel\u00fcnk, m\u00e9g akkor is, ha az aktu\u00e1lis korszakhat\u00e1r, amelyben j\u00e1runk \u2013 \u00e9s \u00e9ppen ez\u00e9rt kil\u00e1tni nem k\u00f6nny\u0171 bel\u0151le \u2013, nem felt\u00e9tlen r\u00f6vid lefut\u00e1s\u00fa, sokkal ink\u00e1bb hossz\u00fa vaj\u00fad\u00e1st jelent, amit a k\u00e9s\u0151i ut\u00f3dok ak\u00e1r \u00f6nmag\u00e1ban is korszakk\u00e9nt \u00e9rtelmezhetnek.<\/p>\n\n\n\n<p>Napjainkra elhom\u00e1lyosultak az 1900-as \u00e9vek elej\u00e9nek a maihoz sok tekintetben hasonl\u00f3 korszakv\u00e1lt\u00f3 mot\u00edvumai, amikor a modernit\u00e1sb\u00f3l a posztmodernbe ir\u00e1nyul\u00f3 \u00e1tmenet els\u0151 t\u00fcnetei megjelentek. Az indusztrializ\u00e1l\u00f3d\u00e1snak f\u0151k\u00e9nt a m\u0171v\u00e9szeti\/alkot\u00f3i k\u00f6z\u00f6ss\u00e9gekben jelentek meg az ellenreakci\u00f3i. Kiterjedt ir\u00e1nyzatokr\u00f3l lehet tudni, mint a Lebensreform-, a Wandervogel-, az Arts and Crafts mozgalom, de az ekkor indul\u00f3 nudizmus \u00e9s naturizmus is az ipari t\u00e1rsadalom elidegened\u0151 folyamataival szemben k\u00eds\u00e9rletezett a term\u00e9szetk\u00f6zelibb l\u00e9tez\u00e9s, tiszt\u00e1bb erk\u00f6lcsis\u00e9g lehet\u0151s\u00e9geivel.<\/p>\n\n\n\n<p>Akkoriban a t\u00e1rsadalom \u00e9lesen k\u00e9t r\u00e9szre szakadt. A nagyobbik r\u00e9sz meg\u0151rizte a modernit\u00e1s optimizmus\u00e1t a tudom\u00e1ny \u00e9s technol\u00f3gia fejl\u0151d\u00e9s\u00e9vel kapcsolatban, a kisebbik r\u00e9sz \u00e9rz\u00e9kenyen reag\u00e1lta le az ember saj\u00e1t l\u00e9tez\u00e9s\u00e9t\u0151l val\u00f3 elidegened\u00e9st, s ennek hangot is adott (l\u00e1sd: Csontv\u00e1ry Kosztka Tivadar).<\/p>\n\n\n\n<p>A nyugat-eur\u00f3pai irodalomban ehhez a korszakhoz k\u00f6t\u0151dik a tradicionalista irodalom megjelen\u00e9se, amelyben eg\u00e9szen kimagasl\u00f3 intellektu\u00e1lis teljes\u00edtm\u00e9nyek j\u00f6ttek l\u00e9tre (l\u00e1sd: Ren\u00e9 Gu\u00e9non, Julius Evola, Hamvas B\u00e9la\u2026). Oroszorsz\u00e1g, ez a T\u00e1vol-Keletig ny\u00fal\u00f3 hatalmas \u00e1llam r\u00e9szben \u00f6sszef\u00fcgg\u00f6tt a nyugati kult\u00far\u00e1val, r\u00e9szben pedig \u2212 helyzet\u00e9b\u0151l ad\u00f3d\u00f3an \u2212 mindig is saj\u00e1ts\u00e1gos, k\u00fcl\u00f6n \u00faton j\u00e1rt. Iv\u00e1n Alekszejevics Bunyin ugyan ismerhette a tradicionalista szerz\u0151ket, hisz egy ideig P\u00e1rizsban \u00e9lt, s \u00e9letm\u0171v\u00e9re bizonyosan hatottak a tradicionalist\u00e1k, szeml\u00e9lete m\u00e9gis saj\u00e1ts\u00e1gosan orosz maradt. A sz\u00e1zadel\u0151n, az ipari \u00e1talakul\u00e1s kezdet\u00e9n tart\u00f3 orsz\u00e1g, a hagyom\u00e1nyos, hierarchikus t\u00e1rsadalomstrukt\u00far\u00e1j\u00e1val nem annyira az elidegened\u00e9sre, mint ink\u00e1bb a vall\u00e1s spiritu\u00e1lis \u00fajra\u00e9rtelmez\u00e9s\u00e9nek a sz\u00fcks\u00e9gess\u00e9g\u00e9re ir\u00e1ny\u00edtotta az \u00edr\u00f3 figyelm\u00e9t.<\/p>\n\n\n\n<p>Ma ezek a mozgalmak kev\u00e9ss\u00e9 ismertek. Nem az\u00e9rt j\u00e1rt el felett\u00fck az id\u0151, mert mindaz, amit valaha f\u00f6lvetettek, ne lenne napjainkban is ugyanolyan \u00e9rv\u00e9nyes \u00e9s ugyanolyan aggaszt\u00f3, hanem az ember mindennapi \u00e9let\u00e9ben meghat\u00e1roz\u00f3v\u00e1 v\u00e1l\u00f3 ipar szeml\u00e9letform\u00e1l\u00f3 hat\u00e1sa mellett kiszorultak a k\u00f6zvetlen probl\u00e9mamegold\u00e1sra alkalmas felvet\u00e9sek k\u00f6z\u00fcl. A jelenben, amikor a XX. sz\u00e1zad elej\u00e9n\u00e9l \u00f6sszehasonl\u00edthatatlanul nagyobb kih\u00edv\u00e1s el\u0151tt \u00e1llunk, amikor a technika \u00e9s technol\u00f3gia az \u201eember\u201d fogalom vonatkoz\u00e1s\u00e1ban meghat\u00e1roz\u00f3 szerepbe ker\u00fclhet, semmi sem indokoltabb, mint \u00fajragondolni azt, amit a tradicionalist\u00e1k egyszer m\u00e1r v\u00e9giggondoltak, \u00e9s az emberi testet g\u00e9pekkel feld\u00fal\u00f3 transzhumanist\u00e1kkal szemben felmutatni a vil\u00e1got \u00e1that\u00f3 spiritualit\u00e1st \u2013 amely n\u00e9lk\u00fcl az \u00e9let nem elgondolhat\u00f3.<\/p>\n\n\n\n<p class=\"has-text-align-right\"><em>Major Gy\u00f6ngyi<\/em><\/p>","protected":false},"excerpt":{"rendered":"<p>Az \u00e9vk\u00f6rnek ebben a meg\u00fajul\u00e1s miszt\u00e9rium\u00e1ba es\u0151 szakasz\u00e1ban igyeksz\u00fcnk r\u00e1kapcsol\u00f3dni a term\u00e9szet felt\u00f6r\u0151 energi\u00e1ira, \u00e9s keress\u00fck a meg\u00fajul\u00e1s felt\u00e1rul\u00f3 lehet\u0151s\u00e9geit. Egy\u00e9bk\u00e9nt is korszakhat\u00e1rt \u00e9rz\u00e9kel\u00fcnk, m\u00e9g akkor is, ha az aktu\u00e1lis korszakhat\u00e1r, amelyben j\u00e1runk \u2013 \u00e9s \u00e9ppen ez\u00e9rt kil\u00e1tni nem k\u00f6nny\u0171 bel\u0151le \u2013, nem felt\u00e9tlen r\u00f6vid lefut\u00e1s\u00fa, sokkal ink\u00e1bb hossz\u00fa vaj\u00fad\u00e1st jelent, amit a k\u00e9s\u0151i ut\u00f3dok&hellip;<\/p>","protected":false},"author":1,"featured_media":0,"parent":6479,"menu_order":1,"comment_status":"closed","ping_status":"closed","template":"page-article.php","meta":{"inline_featured_image":false,"footnotes":""},"categories":[],"tags":[],"_links":{"self":[{"href":"https:\/\/www.femmeharmone.com\/eng\/wp-json\/wp\/v2\/pages\/6505"}],"collection":[{"href":"https:\/\/www.femmeharmone.com\/eng\/wp-json\/wp\/v2\/pages"}],"about":[{"href":"https:\/\/www.femmeharmone.com\/eng\/wp-json\/wp\/v2\/types\/page"}],"author":[{"embeddable":true,"href":"https:\/\/www.femmeharmone.com\/eng\/wp-json\/wp\/v2\/users\/1"}],"replies":[{"embeddable":true,"href":"https:\/\/www.femmeharmone.com\/eng\/wp-json\/wp\/v2\/comments?post=6505"}],"version-history":[{"count":3,"href":"https:\/\/www.femmeharmone.com\/eng\/wp-json\/wp\/v2\/pages\/6505\/revisions"}],"predecessor-version":[{"id":6559,"href":"https:\/\/www.femmeharmone.com\/eng\/wp-json\/wp\/v2\/pages\/6505\/revisions\/6559"}],"up":[{"embeddable":true,"href":"https:\/\/www.femmeharmone.com\/eng\/wp-json\/wp\/v2\/pages\/6479"}],"wp:attachment":[{"href":"https:\/\/www.femmeharmone.com\/eng\/wp-json\/wp\/v2\/media?parent=6505"}],"wp:term":[{"taxonomy":"category","embeddable":true,"href":"https:\/\/www.femmeharmone.com\/eng\/wp-json\/wp\/v2\/categories?post=6505"},{"taxonomy":"post_tag","embeddable":true,"href":"https:\/\/www.femmeharmone.com\/eng\/wp-json\/wp\/v2\/tags?post=6505"}],"curies":[{"name":"wp","href":"https:\/\/api.w.org\/{rel}","templated":true}]}}