{"id":6526,"date":"2026-04-30T16:06:23","date_gmt":"2026-04-30T16:06:23","guid":{"rendered":"https:\/\/www.femmeharmone.com\/?page_id=6526"},"modified":"2026-04-30T16:44:18","modified_gmt":"2026-04-30T16:44:18","slug":"racz-ildiko-maria-tul-a-halal-arnyekanak-volgyenivan-bunyin-atvaltozas-cimu-elbeszelese-ele","status":"publish","type":"page","link":"https:\/\/www.femmeharmone.com\/eng\/a-noi-dimenzio\/v-evfolyam-1-szam\/tudomany\/racz-ildiko-maria-tul-a-halal-arnyekanak-volgyenivan-bunyin-atvaltozas-cimu-elbeszelese-ele\/","title":{"rendered":"<em>R\u00e1cz Ildik\u00f3 M\u00e1ria:<\/em> T\u00fal a hal\u00e1l \u00e1rny\u00e9k\u00e1nak v\u00f6lgy\u00e9n(Ivan Bunyin \u00c1tv\u00e1ltoz\u00e1s c\u00edm\u0171 elbesz\u00e9l\u00e9se el\u00e9)"},"content":{"rendered":"\n<p class=\"has-text-align-right\"><a href=\"https:\/\/doi.org\/10.55344\/andfh.2501077\">DOI: 10.55344\/andfh.2501077<\/a><\/p>\n\n\n\n<div style=\"height:100px\" aria-hidden=\"true\" class=\"wp-block-spacer\"><\/div>\n\n\n\n<p><strong><em>Absztrakt<\/em> <\/strong><\/p>\n\n\n\n<p><strong>Jelen tanulm\u00e1nyban a Nobel-d\u00edjas orosz emigr\u00e1ns \u00edr\u00f3, Ivan Bunyin hal\u00e1lfiloz\u00f3fi\u00e1j\u00e1hoz kapcsol\u00f3dva a filoz\u00f3fiai thanatol\u00f3gia \u00e9s a vall\u00e1sfiloz\u00f3fia szakter\u00fclet\u00e9re mer\u00e9szkedve k\u00edv\u00e1nom a <em>hal\u00e1lfenom\u00e9n<\/em>t, illetve a hal\u00e1l ut\u00e1ni l\u00e9tez\u00e9ssel kapcsolatos k\u00e9pzeteket r\u00f6viden megvizsg\u00e1lni. Egyik fontos szempont a kutat\u00e1si ter\u00fclet sz\u0171k\u00edt\u00e9sekor az volt, hogy az adott elm\u00e9let valamilyen m\u00f3don kapcsol\u00f3djon a bunyini l\u00e9tfiloz\u00f3fi\u00e1hoz, illetve az \u00edr\u00f3 vil\u00e1gszeml\u00e9let\u00e9re jelent\u0151s hat\u00e1st gyakorl\u00f3 Lev Tolsztoj \u00e9lettel \u00e9s hal\u00e1llal kapcsolatos b\u00f6lcselet\u00e9hez. M\u00e1sfel\u0151l, a vall\u00e1sfiloz\u00f3fiai elm\u00e9letek tanulm\u00e1nyoz\u00e1sa sor\u00e1n olyan k\u00f6z\u00f6s eszmei-b\u00f6lcseleti egybecseng\u00e9seket, tipol\u00f3giai p\u00e1rhuzamokat, illetve kultur\u00e1lis kapcsol\u00f3d\u00e1si pontokat kerestem, amelyek k\u00f6zelebb vihetnek az antik sztoikus filoz\u00f3fia azon t\u00e9tel\u00e9hez, miszerint valamennyi vall\u00e1s ugyanazokat az alapvet\u0151 igazs\u00e1gokat hirdeti, csup\u00e1n terminol\u00f3giai k\u00fcl\u00f6nbs\u00e9gek vannak k\u00f6z\u00f6tt\u00fck. Ahogyan az \u00f3kori g\u00f6r\u00f6g-latin t\u00f6rt\u00e9net\u00edr\u00f3, Plutarkhosz fogalmazta meg <em>\u00cdzisz \u00e9s Ozirisz<\/em> c\u00edm\u0171 filoz\u00f3fiai \u00e9rtekez\u00e9s\u00e9ben: a vall\u00e1si form\u00e1k sokf\u00e9les\u00e9ge csup\u00e1n l\u00e1tsz\u00f3lagos, az \u00e1ltaluk haszn\u00e1lt szimb\u00f3lumok a vall\u00e1sok alapvet\u0151en egys\u00e9ges mivolt\u00e1t rejtik.<a href=\"#_ftn1\" id=\"_ftnref1\"><sup>[1]<\/sup><\/a> Az orosz \u201eez\u00fcstkor\u201d<a href=\"#_ftn2\" id=\"_ftnref2\">[2]<\/a> szellemi-kultur\u00e1lis k\u00f6zeg\u00e9ben a szint\u00e9zisteremt\u00e9s ig\u00e9nye a vall\u00e1sfiloz\u00f3fi\u00e1t is \u00e1thatotta. A sz\u00e1zadfordul\u00f3n a nyugati racionalista-technokrata t\u00e1rsadalom v\u00e1ls\u00e1g\u00e1nak egyre f\u00e9lre\u00e9rthetetlenebb jeleit \u00e9rz\u00e9kel\u0151 orosz szellemi elit a Keletre, mint a term\u00e9szeti-kultur\u00e1lis \u00e9rt\u00e9kek \u0151rz\u0151j\u00e9re tekintett. Az emberi l\u00e9tez\u00e9s alapvet\u0151 k\u00e9rd\u00e9seire v\u00e1laszt keres\u0151 Bunyin \u201ekozmikus tudat\u00e1nak\u201d<a href=\"#_ftn3\" id=\"_ftnref3\">[3]<\/a> kialakul\u00e1s\u00e1ban nem csek\u00e9ly szerepet kapott, hogy m\u0171v\u00e9szi-po\u00e9tikai hitvall\u00e1s\u00e1ba az ortodox kereszt\u00e9ny hagyom\u00e1ny mellett a k\u00fcl\u00f6nb\u00f6z\u0151 keleti vall\u00e1sok \u2013 judaizmus, zoroasztrianizmus, sz\u00fafizmus, \u0151skereszt\u00e9nys\u00e9g, hinduizmus, \u00e9s els\u0151sorban a buddhizmus \u2013 \u00e9rt\u00e9krendszer\u00e9t integr\u00e1lta. A buddhista tematika az orosz \u00edr\u00f3 m\u0171veiben az 1911-es ceyloni utaz\u00e1st k\u00f6vet\u0151en jelentkezik mark\u00e1nsan. Bunyint azonban leny\u0171g\u00f6zi minden olyan vall\u00e1s, amely valamilyen form\u00e1ban \u0151rzi az \u0151si m\u00falt k\u00e9pzeteit, mert \u00fagy \u00e9rzi, ezek mindegyike az igazs\u00e1g egy szelet\u00e9t hordozza mag\u00e1ban.<\/strong><\/p>\n\n\n\n<hr class=\"wp-block-separator has-alpha-channel-opacity\"\/>\n\n\n\n<p><a href=\"#_ftnref1\" id=\"_ftn1\">[1]<\/a> Plutarkhosz 1986, 67.<\/p>\n\n\n\n<p><a href=\"#_ftnref2\" id=\"_ftn2\">[2]<\/a> Az orosz \u201eez\u00fcstkor\u201d a 19. sz\u00e1zad v\u00e9g\u00e9t \u00e9s a 20. sz\u00e1zad elej\u00e9t jel\u00f6li az orosz irodalomban, amikor az orosz k\u00f6lt\u00e9szet kiemelked\u0151en gazdag \u00e9s innovat\u00edv korszak\u00e1t \u00e9lte.<\/p>\n\n\n\n<p><a href=\"#_ftnref3\" id=\"_ftn3\">[3]<\/a> A neves kutat\u00f3, Olga Szlivickaja meghat\u00e1roz\u00e1sa Bunyin vil\u00e1gszeml\u00e9let\u00e9r\u0151l.<\/p>\n\n\n\n<div style=\"height:100px\" aria-hidden=\"true\" class=\"wp-block-spacer\"><\/div>\n\n\n\n<div data-wp-interactive=\"core\/file\" class=\"wp-block-file\"><object data-wp-bind--hidden=\"!state.hasPdfPreview\"  class=\"wp-block-file__embed\" data=\"https:\/\/www.femmeharmone.com\/wp-content\/uploads\/2026\/04\/AND12_2025_Tavasz_v1_Racz_Ildiko_Maria.pdf\" type=\"application\/pdf\" style=\"width:100%;height:1500px\" aria-label=\"Embed of AND12_2025_Tavasz_v1_Racz_Ildiko_Maria.\"><\/object><a id=\"wp-block-file--media-a1e73ddf-e6e0-4be3-956f-98a9dff7f707\" href=\"https:\/\/www.femmeharmone.com\/wp-content\/uploads\/2026\/04\/AND12_2025_Tavasz_v1_Racz_Ildiko_Maria.pdf\">AND12_2025_Tavasz_v1_Racz_Ildiko_Maria<\/a><a href=\"https:\/\/www.femmeharmone.com\/wp-content\/uploads\/2026\/04\/AND12_2025_Tavasz_v1_Racz_Ildiko_Maria.pdf\" class=\"wp-block-file__button wp-element-button\" download aria-describedby=\"wp-block-file--media-a1e73ddf-e6e0-4be3-956f-98a9dff7f707\">Let\u00f6lt\u00e9s<\/a><\/div>\n","protected":false},"excerpt":{"rendered":"<p>DOI: 10.55344\/andfh.2501077 Absztrakt Jelen tanulm\u00e1nyban a Nobel-d\u00edjas orosz emigr\u00e1ns \u00edr\u00f3, Ivan Bunyin hal\u00e1lfiloz\u00f3fi\u00e1j\u00e1hoz kapcsol\u00f3dva a filoz\u00f3fiai thanatol\u00f3gia \u00e9s a vall\u00e1sfiloz\u00f3fia szakter\u00fclet\u00e9re mer\u00e9szkedve k\u00edv\u00e1nom a hal\u00e1lfenom\u00e9nt, illetve a hal\u00e1l ut\u00e1ni l\u00e9tez\u00e9ssel kapcsolatos k\u00e9pzeteket r\u00f6viden megvizsg\u00e1lni. Egyik fontos szempont a kutat\u00e1si ter\u00fclet sz\u0171k\u00edt\u00e9sekor az volt, hogy az adott elm\u00e9let valamilyen m\u00f3don kapcsol\u00f3djon a bunyini l\u00e9tfiloz\u00f3fi\u00e1hoz, illetve az&hellip;<\/p>","protected":false},"author":1,"featured_media":0,"parent":6497,"menu_order":1,"comment_status":"closed","ping_status":"closed","template":"page-article.php","meta":{"inline_featured_image":false,"footnotes":""},"categories":[],"tags":[],"_links":{"self":[{"href":"https:\/\/www.femmeharmone.com\/eng\/wp-json\/wp\/v2\/pages\/6526"}],"collection":[{"href":"https:\/\/www.femmeharmone.com\/eng\/wp-json\/wp\/v2\/pages"}],"about":[{"href":"https:\/\/www.femmeharmone.com\/eng\/wp-json\/wp\/v2\/types\/page"}],"author":[{"embeddable":true,"href":"https:\/\/www.femmeharmone.com\/eng\/wp-json\/wp\/v2\/users\/1"}],"replies":[{"embeddable":true,"href":"https:\/\/www.femmeharmone.com\/eng\/wp-json\/wp\/v2\/comments?post=6526"}],"version-history":[{"count":4,"href":"https:\/\/www.femmeharmone.com\/eng\/wp-json\/wp\/v2\/pages\/6526\/revisions"}],"predecessor-version":[{"id":6567,"href":"https:\/\/www.femmeharmone.com\/eng\/wp-json\/wp\/v2\/pages\/6526\/revisions\/6567"}],"up":[{"embeddable":true,"href":"https:\/\/www.femmeharmone.com\/eng\/wp-json\/wp\/v2\/pages\/6497"}],"wp:attachment":[{"href":"https:\/\/www.femmeharmone.com\/eng\/wp-json\/wp\/v2\/media?parent=6526"}],"wp:term":[{"taxonomy":"category","embeddable":true,"href":"https:\/\/www.femmeharmone.com\/eng\/wp-json\/wp\/v2\/categories?post=6526"},{"taxonomy":"post_tag","embeddable":true,"href":"https:\/\/www.femmeharmone.com\/eng\/wp-json\/wp\/v2\/tags?post=6526"}],"curies":[{"name":"wp","href":"https:\/\/api.w.org\/{rel}","templated":true}]}}